{"id":1214,"date":"2025-02-24T19:46:03","date_gmt":"2025-02-24T19:46:03","guid":{"rendered":"https:\/\/harztor-erlebenswert.de\/events\/"},"modified":"2026-08-08T12:12:51","modified_gmt":"2026-08-08T10:12:51","slug":"events","status":"publish","type":"page","link":"https:\/\/harztor-erlebenswert.de\/en\/events\/","title":{"rendered":"To the events"},"content":{"rendered":"<div data-elementor-type=\"wp-page\" data-elementor-id=\"1214\" class=\"elementor elementor-1214\" data-elementor-post-type=\"page\">\n\t\t\t\t<div class=\"elementor-element elementor-element-0c74650 e-flex e-con-boxed elementor-invisible e-con e-parent\" data-id=\"0c74650\" data-element_type=\"container\" data-e-type=\"container\" data-settings=\"{&quot;animation&quot;:&quot;fadeInUp&quot;}\">\n\t\t\t\t\t<div class=\"e-con-inner\">\n\t\t<div class=\"elementor-element elementor-element-5eb2cc0 e-con-full e-flex e-con e-child\" data-id=\"5eb2cc0\" data-element_type=\"container\" data-e-type=\"container\">\n\t\t<div class=\"elementor-element elementor-element-9c6c861 e-con-full e-flex elementor-invisible e-con e-child\" data-id=\"9c6c861\" data-element_type=\"container\" data-e-type=\"container\" data-settings=\"{&quot;animation&quot;:&quot;fadeInUp&quot;}\">\n\t\t<div class=\"elementor-element elementor-element-78c2afd e-con-full e-flex e-con e-child\" data-id=\"78c2afd\" data-element_type=\"container\" data-e-type=\"container\">\n\t\t\t\t<div class=\"elementor-element elementor-element-e0d7db4 elementor-widget elementor-widget-text-editor\" data-id=\"e0d7db4\" data-element_type=\"widget\" data-e-type=\"widget\" data-widget_type=\"text-editor.default\">\n\t\t\t\t<div class=\"elementor-widget-container\">\n\t\t\t\t\t\t\t\t\t<p>Was ist los in der Gemeinde Harztor und ihren Ortschaften? Wir sind bem\u00fcht, m\u00f6glichst alle Veranstaltungen im Bereich der Gemeinde in diesem Veranstaltungskalender aufzulisten. Sollte dein Event hier noch fehlen, sende uns gern eine E-Mail oder hinterlass uns eine Nachricht \u00fcber das Kontaktformular am Ende der Seite.<\/p><p>Wenn die Gemeinde Harztor nicht Veranstalter ist, \u00fcbernehmen wir keinerlei Haftung f\u00fcr die Richtigkeit der Angaben. Wende dich bitte jeweils an den Veranstalter. \u00c4nderungen sind jederzeit vorbehalten.<\/p>\t\t\t\t\t\t\t\t<\/div>\n\t\t\t\t<\/div>\n\t\t\t\t<\/div>\n\t\t\t\t<\/div>\n\t\t\t\t<\/div>\n\t\t<div class=\"elementor-element elementor-element-44a1e4d e-con-full e-flex e-con e-child\" data-id=\"44a1e4d\" data-element_type=\"container\" data-e-type=\"container\">\n\t\t\t\t<div class=\"elementor-element elementor-element-40ad650 elementor-widget elementor-widget-image\" data-id=\"40ad650\" data-element_type=\"widget\" data-e-type=\"widget\" data-widget_type=\"image.default\">\n\t\t\t\t<div class=\"elementor-widget-container\">\n\t\t\t\t\t\t\t\t\t\t\t\t\t\t\t<img fetchpriority=\"high\" decoding=\"async\" width=\"1280\" height=\"960\" src=\"https:\/\/harztor-erlebenswert.de\/wp-content\/uploads\/2026\/05\/veranstaltungen_ki.jpg\" class=\"attachment-full size-full wp-image-6269\" alt=\"Blick auf ein buntes Dorffest im Freien bei Sonnenschein. Bunte Marktst\u00e4nde und Zelte auf einem Dorfplatz, umgeben von Fachwerkh\u00e4usern und gr\u00fcnen H\u00fcgeln. Menschen verschiedener Altersgruppen flanieren, Kinder spielen, eine kleine B\u00fchne mit Musikern ist im Hintergrund zu sehen. Wimpelketten h\u00e4ngen zwischen den St\u00e4nden. KI.\" srcset=\"https:\/\/harztor-erlebenswert.de\/wp-content\/uploads\/2026\/05\/veranstaltungen_ki.jpg 1280w, https:\/\/harztor-erlebenswert.de\/wp-content\/uploads\/2026\/05\/veranstaltungen_ki-300x225.jpg 300w, https:\/\/harztor-erlebenswert.de\/wp-content\/uploads\/2026\/05\/veranstaltungen_ki-1024x768.jpg 1024w, https:\/\/harztor-erlebenswert.de\/wp-content\/uploads\/2026\/05\/veranstaltungen_ki-768x576.jpg 768w, https:\/\/harztor-erlebenswert.de\/wp-content\/uploads\/2026\/05\/veranstaltungen_ki-16x12.jpg 16w, https:\/\/harztor-erlebenswert.de\/wp-content\/uploads\/2026\/05\/veranstaltungen_ki-600x450.jpg 600w\" sizes=\"(max-width: 1280px) 100vw, 1280px\" \/>\t\t\t\t\t\t\t\t\t\t\t\t\t\t\t<\/div>\n\t\t\t\t<\/div>\n\t\t\t\t<\/div>\n\t\t\t\t\t<\/div>\n\t\t\t\t<\/div>\n\t\t<div class=\"elementor-element elementor-element-5f5af09 e-flex e-con-boxed e-con e-parent\" data-id=\"5f5af09\" data-element_type=\"container\" data-e-type=\"container\">\n\t\t\t\t\t<div class=\"e-con-inner\">\n\t\t\t\t<div class=\"elementor-element elementor-element-6d678a53 elementor-widget elementor-widget-shortcode\" data-id=\"6d678a53\" data-element_type=\"widget\" data-e-type=\"widget\" data-widget_type=\"shortcode.default\">\n\t\t\t\t<div class=\"elementor-widget-container\">\n\t\t\t\t\t\t\t<div class=\"elementor-shortcode\"><style class='ticketmachine_custom_css'>\r\n        body .ticketmachine_page a:not(.btn):not(.fc-event):not(.tm-list-title) {\r\n            color: #8b5d3c !important;\r\n        }\r\n\r\n        body .ticketmachine_page a:not(.btn):hover,  body .ticketmachine_page a:not(.btn):focus {\r\n            color: #8b5d3c;\r\n            text-decoration:underline !important;\r\n        }\r\n        body .ticketmachine_page .card-img-top:focus {\r\n            border:2px solid #3eaa49 !important;\r\n        }\r\n        \r\n        body .ticketmachine_page #calendar .fc-event:focus {\r\n            box-shadow: 0px 0px 1px 2px #3eaa49 !important;\r\n        }\r\n\r\n        body .ticketmachine_page h1, \r\n        body .ticketmachine_page h2, \r\n        body .ticketmachine_page h3, \r\n        body .ticketmachine_page h4, \r\n        body .ticketmachine_page h5,\r\n        body .ticketmachine_page h1, \r\n        body .ticketmachine_page h2, \r\n        body .ticketmachine_page h3, \r\n        body .ticketmachine_page h4, \r\n        body .ticketmachine_page h5 {\r\n            color: #222222 !important;\r\n        }\r\n\r\n        body .ticketmachine_page .card-meta-tag {\r\n            color: #222222 !important;\r\n        }\r\n\r\n        body .ticketmachine_page .card-body,\r\n        body .ticketmachine_page .card-text,\r\n        body .ticketmachine_page .media-body,\r\n        body .ticketmachine_page .fc-dayGrid-view .fc-week-number, \r\n        body .ticketmachine_page .fc-dayGrid-view .fc-day-number {\r\n            color: #222222 !important;\r\n        }\r\n\r\n        body .ticketmachine_page .card,\r\n        body .ticketmachine_page .media,\r\n        body .ticketmachine_page .fc-bg > table > tbody > tr,\r\n        body .ticketmachine_page .fc-row .fc-bg {\r\n            background: #ffffff !important;\r\n        }\r\n\r\n        body .ticketmachine_page .card,\r\n        body .ticketmachine_page .media,\r\n        body .ticketmachine_page hr,\r\n        body .ticketmachine_page .table-bordered th, \r\n        body .ticketmachine_page .table-bordered td,\r\n        body .ticketmachine_page #calendar .fc-row .fc-content-skeleton td {\r\n            border-color: #DDDDDD !important;\r\n        }\r\n\r\n        body .ticketmachine_page .card-date {\r\n            color: #3eaa49 !important;\r\n        }\r\n\r\n        body .ticketmachine_page .card-price {\r\n            color: #ee7d26 !important;\r\n        }\r\n\r\n        body .ticketmachine_page .btn-primary,\r\n        body .ticketmachine_page .btn-primary:visited,\r\n        body .ticketmachine_page .btn-primary:not(:disabled):not(.disabled).active,\r\n        body .ticketmachine_page .btn-primary:not(:disabled):not(.disabled):active,\r\n        .show>.ticketmachine_page .btn-primary.dropdown-toggle,\r\n        body .ticketmachine_page .btn-primary.disabled,\r\n        body .ticketmachine_page .btn-primary:disabled {\r\n            background-color: #3eaa49 !important;\r\n            color: #ffffff !important;\r\n            border-color: #3eaa49 !important;\r\n        }\r\n\r\n        body .ticketmachine_page .btn-primary:hover,\r\n        body .ticketmachine_page .btn-primary:active,\r\n        body .ticketmachine_page .btn-primary:focus {\r\n            background-color: #3eaa49 !important;\r\n            color: #ffffff !important;\r\n            border-color: #3eaa49 !important;\r\n        }\r\n\r\n        body .btn-secondary,\r\n        body .btn-secondary:visited,\r\n        body .btn-secondary:not(:disabled):not(.disabled).active,\r\n        body .btn-secondary:not(:disabled):not(.disabled):active {\r\n            background-color: #f7f7f7 !important;\r\n            color: #666666 !important;\r\n            border-color: #dadada !important;\r\n        }\r\n\r\n        body .btn-secondary:hover,\r\n        body .btn-secondary:active,\r\n        body .btn-secondary:focus,\r\n        .show>.btn-secondary.dropdown-toggle {\r\n            background-color: #f7f7f7 !important;\r\n            color: #666666 !important;\r\n            border-color: #dadada !important;\r\n        }\r\n\r\n        body .spinner-border {\r\n            border-color: #3eaa49 !important;\r\n            color: #3eaa49 !important;\r\n            border-right-color: transparent !important;\r\n        }<\/style><div class='ticketmachine_page' data-locale=\"en\"><div class='row ticketmachine_events_container'><div class='page-header col-12 ticketmachine-search-header'><form class='mb-3' action=\"\"><div class='form-row'>\r\n                                    <div class='col-12'>\r\n                                        <div class='d-flex flex-column flex-md-row gap-2 gap-md-4'>\r\n                                            <div class='input-group ticketmachine-search-container'>\r\n                                                <input name='q' class='form-control' aria-label='Search for events' placeholder='Search for events' value=''\/>\r\n                                                <input type='hidden' name='tag' value=''\/>\r\n                                                <button type='submit' alt='Submit search' class='btn btn-secondary'><i class='fas fa-search'><\/i><\/button>\r\n                                            <\/div><div class='btn-group ticketmachine-view-switch'><a class='btn btn-primary active' title='Show events as boxes' aria-label='Show events as boxes' href='\/en\/wp-json\/wp\/v2\/pages\/1214?q='><i class='fas fa-th'><\/i><\/i><\/a><a class='btn btn-secondary' title='Show events as list' aria-label='Show events as list' href='\/en\/wp-json\/wp\/v2\/pages\/1214?q=&#038;display=list'><i class='fas fa-list'><\/i><\/a><a class='btn btn-secondary' title='Show events in calendar' aria-label='Show events in calendar' href='\/en\/wp-json\/wp\/v2\/pages\/1214?q=&#038;display=calendar' data-calendar-view='month'><i class='far fa-calendar-alt'><\/i><\/a><\/div>\r\n                                        <\/div>\r\n                                    <\/div>\r\n                                <\/div>\r\n                            <input type=\"hidden\" name=\"trp-form-language\" value=\"en\"\/><\/form><\/div><div class='col-12 mt-2'><\/div><div class='col-12 my-2'>\r\n                                                <div class='d-flex'>\r\n                                                    <hr class='my-auto flex-grow-1'>\r\n                                                    <div class='px-4 mt-0 h4'>September 2026<\/div>\r\n                                                    <hr class='my-auto flex-grow-1'>\r\n                                                <\/div>\r\n                                            <\/div><div class=\"col-12 col-md-6 col-xl-4 card-group\"><card class=\"card mb-4\"><a aria-label=\"RUM-Wanderung auf dem Feuersalamanderpfad am 05. September 2026\" href=\"\/en\/event\/?id=29065\" class=\"card-img-top ratio-4-3\" style=\"background-image:url( https:\/\/nu.ticketmachine.de\/ajax\/event\/29065\/image?width=712&height=534&gravity=cover%3Acentre )\" title=\"RUM-Wanderung auf dem Feuersalamanderpfad\"><div class=\"event-badges\"><div class=\"badge bg-danger float-right mt-1 me-2\">Neustadt<\/div><\/div><\/a><div class=\"card-body position-relative\"><div class=\"card-date\" title=\"05. September 2026\"><div>05. September 2026<\/div><\/div><div class=\"card-title h5\" title=\"RUM-Wanderung auf dem Feuersalamanderpfad\">RUM-Wanderung auf dem Feuersalamanderpfad<\/div><div class=\"card-price\"><\/div><div class=\"card-text mt-0 pt-sm-1 ellipsis opacity-75\"><i class=\"fas fa-map-marker-alt tm-icon\"><\/i> &nbsp; Holzpavillon am M\u00fchlbergsweg<\/div><a aria-label=\"To ticket selection for RUM-Wanderung auf dem Feuersalamanderpfad\" href=\"\/en\/event\/?id=29065\" class=\"btn btn-primary btn-sm px-3 mt-2 d-block ticket-btn\" title=\"To ticket selection\">More<\/a><\/div><\/card><\/div><div class=\"col-12 col-md-6 col-xl-4 card-group\"><card class=\"card mb-4\"><a aria-label=\"Theater &quot;Die Hexe Baba Jaga&quot; bei HEX am 05. September 2026\" href=\"\/en\/event\/?id=29523\" class=\"card-img-top ratio-4-3\" style=\"background-image:url( https:\/\/nu.ticketmachine.de\/ajax\/event\/29523\/image?width=712&height=534&gravity=cover%3Acentre )\" title=\"Theater &quot;Die Hexe Baba Jaga&quot; bei HEX\"><div class=\"event-badges\"><div class=\"badge bg-danger float-right mt-1 me-2\">Rothes\u00fctte<\/div><\/div><\/a><div class=\"card-body position-relative\"><div class=\"card-date\" title=\"05. September 2026\"><div>05. September 2026<\/div><\/div><div class=\"card-title h5\" title=\"Theater &quot;Die Hexe Baba Jaga&quot; bei HEX\">Theater &quot;Die Hexe Baba Jaga&quot; bei HEX<\/div><div class=\"card-price\"><\/div><div class=\"card-text mt-0 pt-sm-1 ellipsis opacity-75\"><i class=\"fas fa-map-marker-alt tm-icon\"><\/i> &nbsp; <a aria-label=\"Event Location: HEX Erlebniswelt\" href=\"https:\/\/www.google.de\/maps?q=HEX+Erlebniswelt+Alte-Nordh%C3%A4user-Stra%C3%9Fe+26+99755+Ellrich+OT+Rothes%C3%BCtte+\" target=\"_blank\" title=\"Event Location: HEX Erlebniswelt\" rel=\"noopener\">HEX Erlebniswelt<\/a><\/div><a aria-label=\"To ticket selection for Theater &quot;Die Hexe Baba Jaga&quot; bei HEX\" href=\"\/en\/event\/?id=29523\" class=\"btn btn-primary btn-sm px-3 mt-2 d-block ticket-btn\" title=\"To ticket selection\">More<\/a><\/div><\/card><\/div><div class=\"col-12 col-md-6 col-xl-4 card-group\"><card class=\"card mb-4\"><a aria-label=\"Wanderung zum Dr. Wald am 06. September 2026\" href=\"\/en\/event\/?id=29066\" class=\"card-img-top ratio-4-3\" style=\"background-image:url( https:\/\/nu.ticketmachine.de\/ajax\/event\/29066\/image?width=712&height=534&gravity=cover%3Acentre )\" title=\"Wanderung zum Dr. Wald\"><div class=\"event-badges\"><div class=\"badge bg-danger float-right mt-1 me-2\">Neustadt<\/div><\/div><\/a><div class=\"card-body position-relative\"><div class=\"card-date\" title=\"06. September 2026\"><div>06. September 2026<\/div><\/div><div class=\"card-title h5\" title=\"Wanderung zum Dr. Wald\">Wanderung zum Dr. Wald<\/div><div class=\"card-price\"><\/div><div class=\"card-text mt-0 pt-sm-1 ellipsis opacity-75\"><i class=\"fas fa-map-marker-alt tm-icon\"><\/i> &nbsp; <a aria-label=\"Event Location: Haus des Gastes (Naturparkverwaltung)\" href=\"https:\/\/www.google.de\/maps?q=Haus+des+Gastes+%28Naturparkverwaltung%29+Burgstra%C3%9Fe+34+a+99768+Harztor+OT+Neustadt+Deutschland\" target=\"_blank\" title=\"Event Location: Haus des Gastes (Naturparkverwaltung)\" rel=\"noopener\">Haus des Gastes (Nature Park Administration)<\/a><\/div><a aria-label=\"To ticket selection for Wanderung zum Dr. Wald\" href=\"\/en\/event\/?id=29066\" class=\"btn btn-primary btn-sm px-3 mt-2 d-block ticket-btn\" title=\"To ticket selection\">More<\/a><\/div><\/card><\/div><div class=\"col-12 col-md-6 col-xl-4 card-group\"><card class=\"card mb-4\"><a aria-label=\"AGATHE-Sprechstunde in Herrmannsacker am 08. September 2026\" href=\"\/en\/event\/?id=29366\" class=\"card-img-top ratio-4-3\" style=\"background-image:url( https:\/\/nu.ticketmachine.de\/ajax\/event\/29366\/image?width=712&height=534&gravity=cover%3Acentre )\" title=\"AGATHE-Sprechstunde in Herrmannsacker\"><div class=\"event-badges\"><div class=\"badge bg-danger float-right mt-1 me-2\">Ilfeld<\/div><\/div><\/a><div class=\"card-body position-relative\"><div class=\"card-date\" title=\"08. September 2026\"><div>08. September 2026<\/div><\/div><div class=\"card-title h5\" title=\"AGATHE-Sprechstunde in Herrmannsacker\">AGATHE-Sprechstunde in Herrmannsacker<\/div><div class=\"card-price\"><\/div><div class=\"card-text mt-0 pt-sm-1 ellipsis opacity-75\"><i class=\"fas fa-map-marker-alt tm-icon\"><\/i> &nbsp; <a aria-label=\"Event Location: Gemeindeamt\" href=\"https:\/\/www.google.de\/maps?q=Gemeindeamt+Hauptstra%C3%9Fe+4+99768+Herrmannsacker+Deutschland\" target=\"_blank\" title=\"Event Location: Gemeindeamt\" rel=\"noopener\">Gemeindeamt<\/a><\/div><a aria-label=\"To ticket selection for AGATHE-Sprechstunde in Herrmannsacker\" href=\"\/en\/event\/?id=29366\" class=\"btn btn-primary btn-sm px-3 mt-2 d-block ticket-btn\" title=\"To ticket selection\">More<\/a><\/div><\/card><\/div><div class=\"col-12 col-md-6 col-xl-4 card-group\"><card class=\"card mb-4\"><a aria-label=\"Krabbeltreff in der Ilfelder Rappelkiste am 09. September 2026\" href=\"\/en\/event\/?id=29520\" class=\"card-img-top ratio-4-3\" style=\"background-image:url( https:\/\/nu.ticketmachine.de\/ajax\/event\/29520\/image?width=712&height=534&gravity=cover%3Acentre )\" title=\"Krabbeltreff in der Ilfelder Rappelkiste\"><div class=\"event-badges\"><\/div><\/a><div class=\"card-body position-relative\"><div class=\"card-date\" title=\"09. September 2026\"><div>09. September 2026<\/div><\/div><div class=\"card-title h5\" title=\"Krabbeltreff in der Ilfelder Rappelkiste\">Krabbeltreff in der Ilfelder Rappelkiste<\/div><div class=\"card-price\"><\/div><div class=\"card-text mt-0 pt-sm-1 ellipsis opacity-75\"><i class=\"fas fa-map-marker-alt tm-icon\"><\/i> &nbsp; <a aria-label=\"Event Location: Kindertagesst\u00e4tte Rappelkiste\" href=\"https:\/\/www.google.de\/maps?q=Kindertagesst%C3%A4tte+Rappelkiste+Kleine+Gasse+10+99768+Harztor+OT+Ilfeld+\" target=\"_blank\" title=\"Event Location: Kindertagesst\u00e4tte Rappelkiste\" rel=\"noopener\">Kindertagesst\u00e4tte Rappelkiste<\/a><\/div><a aria-label=\"To ticket selection for Krabbeltreff in der Ilfelder Rappelkiste\" href=\"\/en\/event\/?id=29520\" class=\"btn btn-primary btn-sm px-3 mt-2 d-block ticket-btn\" title=\"To ticket selection\">More<\/a><\/div><\/card><\/div><div class=\"col-12 col-md-6 col-xl-4 card-group\"><card class=\"card mb-4\"><a aria-label=\"Demenzstammtisch im Sonnenhof: H\u00f6ren und Demenz am 09. September 2026\" href=\"\/en\/event\/?id=28448\" class=\"card-img-top ratio-4-3\" style=\"background-image:url( https:\/\/nu.ticketmachine.de\/ajax\/event\/28448\/image?width=712&height=534&gravity=cover%3Acentre )\" title=\"Demenzstammtisch im Sonnenhof: H\u00f6ren und Demenz\"><div class=\"event-badges\"><div class=\"badge bg-danger float-right mt-1 me-2\">Ilfeld<\/div><\/div><\/a><div class=\"card-body position-relative\"><div class=\"card-date\" title=\"09. September 2026\"><div>09. September 2026<\/div><\/div><div class=\"card-title h5\" title=\"Demenzstammtisch im Sonnenhof: H\u00f6ren und Demenz\">Demenzstammtisch im Sonnenhof: H\u00f6ren und Demenz<\/div><div class=\"card-price\"><\/div><div class=\"card-text mt-0 pt-sm-1 ellipsis opacity-75\"><i class=\"fas fa-map-marker-alt tm-icon\"><\/i> &nbsp; <a aria-label=\"Event Location: Seniorenpflegeheim Sonnenhof\" href=\"https:\/\/www.google.de\/maps?q=Seniorenpflegeheim+Sonnenhof+Obertor+7a+99768+Harztor+OT+Ilfeld+Deutschland\" target=\"_blank\" title=\"Event Location: Seniorenpflegeheim Sonnenhof\" rel=\"noopener\">Seniorenpflegeheim Sonnenhof<\/a><\/div><a aria-label=\"To ticket selection for Demenzstammtisch im Sonnenhof: H\u00f6ren und Demenz\" href=\"\/en\/event\/?id=28448\" class=\"btn btn-primary btn-sm px-3 mt-2 d-block ticket-btn\" title=\"To ticket selection\">More<\/a><\/div><\/card><\/div><div class=\"col-12 col-md-6 col-xl-4 card-group\"><card class=\"card mb-4\"><a aria-label=\"24. Herbstmarkt in Ilfeld am 12. September 2026\" href=\"\/en\/event\/?id=24152\" class=\"card-img-top ratio-4-3\" style=\"background-image:url( https:\/\/nu.ticketmachine.de\/ajax\/event\/24152\/image?width=712&height=534&gravity=cover%3Acentre )\" title=\"24. Herbstmarkt in Ilfeld\"><div class=\"event-badges\"><div class=\"badge bg-danger float-right mt-1 me-2\">Ilfeld<\/div><\/div><\/a><div class=\"card-body position-relative\"><div class=\"card-date\" title=\"12. September 2026\"><div>12. September 2026<\/div><\/div><div class=\"card-title h5\" title=\"24. Herbstmarkt in Ilfeld\">24. Herbstmarkt in Ilfeld<\/div><div class=\"card-price\"><\/div><div class=\"card-text mt-0 pt-sm-1 ellipsis opacity-75\"><i class=\"fas fa-map-marker-alt tm-icon\"><\/i> &nbsp; Kurpark Ilfeld<\/div><a aria-label=\"To ticket selection for 24. Herbstmarkt in Ilfeld\" href=\"\/en\/event\/?id=24152\" class=\"btn btn-primary btn-sm px-3 mt-2 d-block ticket-btn\" title=\"To ticket selection\">More<\/a><\/div><\/card><\/div><div class=\"col-12 col-md-6 col-xl-4 card-group\"><card class=\"card mb-4\"><a aria-label=\"Beach-Volleyball zum Saisonende im Waldbad Neustadt am 12. September 2026\" href=\"\/en\/event\/?id=30077\" class=\"card-img-top ratio-4-3\" style=\"background-image:url( https:\/\/nu.ticketmachine.de\/ajax\/event\/30077\/image?width=712&height=534&gravity=cover%3Acentre )\" title=\"Beach-Volleyball zum Saisonende im Waldbad Neustadt\"><div class=\"event-badges\"><\/div><\/a><div class=\"card-body position-relative\"><div class=\"card-date\" title=\"12. September 2026\"><div>12. September 2026<\/div><\/div><div class=\"card-title h5\" title=\"Beach-Volleyball zum Saisonende im Waldbad Neustadt\">Beach-Volleyball zum Saisonende im Waldbad Neustadt<\/div><div class=\"card-price\"><\/div><div class=\"card-text mt-0 pt-sm-1 ellipsis opacity-75\"><i class=\"fas fa-map-marker-alt tm-icon\"><\/i> &nbsp; <a aria-label=\"Event Location: Waldbad Neustadt\" href=\"https:\/\/www.google.de\/maps?q=Waldbad+Neustadt+An+der+Burg+4+99768+Harztor+OT+Neustadt+\" target=\"_blank\" title=\"Event Location: Waldbad Neustadt\" rel=\"noopener\">Forest pool Neustadt<\/a><\/div><a aria-label=\"To ticket selection for Beach-Volleyball zum Saisonende im Waldbad Neustadt\" href=\"\/en\/event\/?id=30077\" class=\"btn btn-primary btn-sm px-3 mt-2 d-block ticket-btn\" title=\"To ticket selection\">More<\/a><\/div><\/card><\/div><div class=\"col-12 col-md-6 col-xl-4 card-group\"><card class=\"card mb-4\"><a aria-label=\"Wanderung zu G\u00e4nseschnabel und Wetterfahne am 12. September 2026\" href=\"\/en\/event\/?id=29067\" class=\"card-img-top ratio-4-3\" style=\"background-image:url( https:\/\/nu.ticketmachine.de\/ajax\/event\/29067\/image?width=712&height=534&gravity=cover%3Acentre )\" title=\"Wanderung zu G\u00e4nseschnabel und Wetterfahne\"><div class=\"event-badges\"><div class=\"badge bg-danger float-right mt-1 me-2\">Neustadt<\/div><\/div><\/a><div class=\"card-body position-relative\"><div class=\"card-date\" title=\"12. September 2026\"><div>12. September 2026<\/div><\/div><div class=\"card-title h5\" title=\"Wanderung zu G\u00e4nseschnabel und Wetterfahne\">Wanderung zu G\u00e4nseschnabel und Wetterfahne<\/div><div class=\"card-price\"><\/div><div class=\"card-text mt-0 pt-sm-1 ellipsis opacity-75\"><i class=\"fas fa-map-marker-alt tm-icon\"><\/i> &nbsp; <a aria-label=\"Event Location: St. Georg-Marien Kirche Ilfeld\" href=\"https:\/\/www.google.de\/maps?q=St.+Georg-Marien+Kirche+Ilfeld+Neanderplatz+7+99768+Harztor+OT+Ilfeld+Deutschland\" target=\"_blank\" title=\"Event Location: St. Georg-Marien Kirche Ilfeld\" rel=\"noopener\">St. Georg-Marien Kirche Ilfeld<\/a><\/div><a aria-label=\"To ticket selection for Wanderung zu G\u00e4nseschnabel und Wetterfahne\" href=\"\/en\/event\/?id=29067\" class=\"btn btn-primary btn-sm px-3 mt-2 d-block ticket-btn\" title=\"To ticket selection\">More<\/a><\/div><\/card><\/div><div class=\"col-12 col-md-6 col-xl-4 card-group\"><card class=\"card mb-4\"><a aria-label=\"24. Herbstmarkt in Ilfeld am 13. September 2026\" href=\"\/en\/event\/?id=24153\" class=\"card-img-top ratio-4-3\" style=\"background-image:url( https:\/\/nu.ticketmachine.de\/ajax\/event\/24153\/image?width=712&height=534&gravity=cover%3Acentre )\" title=\"24. Herbstmarkt in Ilfeld\"><div class=\"event-badges\"><div class=\"badge bg-danger float-right mt-1 me-2\">Ilfeld<\/div><\/div><\/a><div class=\"card-body position-relative\"><div class=\"card-date\" title=\"13. September 2026\"><div>13. September 2026<\/div><\/div><div class=\"card-title h5\" title=\"24. Herbstmarkt in Ilfeld\">24. Herbstmarkt in Ilfeld<\/div><div class=\"card-price\"><\/div><div class=\"card-text mt-0 pt-sm-1 ellipsis opacity-75\"><i class=\"fas fa-map-marker-alt tm-icon\"><\/i> &nbsp; Kurpark Ilfeld<\/div><a aria-label=\"To ticket selection for 24. Herbstmarkt in Ilfeld\" href=\"\/en\/event\/?id=24153\" class=\"btn btn-primary btn-sm px-3 mt-2 d-block ticket-btn\" title=\"To ticket selection\">More<\/a><\/div><\/card><\/div><div class=\"col-12 col-md-6 col-xl-4 card-group\"><card class=\"card mb-4\"><a aria-label=\"Tag des offenen Denkmals in der Neanderklinik Ilfeld am 13. September 2026\" href=\"\/en\/event\/?id=30087\" class=\"card-img-top ratio-4-3\" style=\"background-image:url( https:\/\/nu.ticketmachine.de\/ajax\/event\/30087\/image?width=712&height=534&gravity=cover%3Acentre )\" title=\"Tag des offenen Denkmals in der Neanderklinik Ilfeld\"><div class=\"event-badges\"><\/div><\/a><div class=\"card-body position-relative\"><div class=\"card-date\" title=\"13. September 2026\"><div>13. September 2026<\/div><\/div><div class=\"card-title h5\" title=\"Tag des offenen Denkmals in der Neanderklinik Ilfeld\">Tag des offenen Denkmals in der Neanderklinik Ilfeld<\/div><div class=\"card-price\"><\/div><div class=\"card-text mt-0 pt-sm-1 ellipsis opacity-75\"><i class=\"fas fa-map-marker-alt tm-icon\"><\/i> &nbsp; <a aria-label=\"Event Location: Neanderklinik Harzwald\" href=\"https:\/\/www.google.de\/maps?q=Neanderklinik+Harzwald+Neanderplatz+4+99768+Harztor+OT+Ilfeld+\" target=\"_blank\" title=\"Event Location: Neanderklinik Harzwald\" rel=\"noopener\">Neanderklinik Harzwald<\/a><\/div><a aria-label=\"To ticket selection for Tag des offenen Denkmals in der Neanderklinik Ilfeld\" href=\"\/en\/event\/?id=30087\" class=\"btn btn-primary btn-sm px-3 mt-2 d-block ticket-btn\" title=\"To ticket selection\">More<\/a><\/div><\/card><\/div><div class=\"col-12 col-md-6 col-xl-4 card-group\"><card class=\"card mb-4\"><a aria-label=\"Beziehungen &amp; Ahnen am 14. September 2026\" href=\"\/en\/event\/?id=29029\" class=\"card-img-top ratio-4-3\" style=\"background-image:url( https:\/\/nu.ticketmachine.de\/ajax\/event\/29029\/image?width=712&height=534&gravity=cover%3Acentre )\" title=\"Beziehungen &amp; Ahnen\"><div class=\"event-badges\"><div class=\"badge bg-danger float-right mt-1 me-2\">Ilfeld<\/div><\/div><\/a><div class=\"card-body position-relative\"><div class=\"card-date\" title=\"14. September 2026\"><div>14. September 2026<\/div><\/div><div class=\"card-title h5\" title=\"Beziehungen &amp; Ahnen\">Beziehungen &amp; Ahnen<\/div><div class=\"card-price\"><\/div><div class=\"card-text mt-0 pt-sm-1 ellipsis opacity-75\"><i class=\"fas fa-map-marker-alt tm-icon\"><\/i> &nbsp; <a aria-label=\"Event Location: Herz-Spirit - Zentrum f\u00fcr ganzheitliche Heilbehandlungen \" href=\"https:\/\/www.google.de\/maps?q=Herz-Spirit+-+Zentrum+f%C3%BCr+ganzheitliche+Heilbehandlungen++Ilgerstra%C3%9Fe+2+99768+Harztor+OT+Ilfeld+\" target=\"_blank\" title=\"Event Location: Herz-Spirit - Zentrum f\u00fcr ganzheitliche Heilbehandlungen \" rel=\"noopener\">Herz-Spirit - Zentrum f\u00fcr ganzheitliche Heilbehandlungen <\/a><\/div><a aria-label=\"To ticket selection for Beziehungen &amp; Ahnen\" href=\"\/en\/event\/?id=29029\" class=\"btn btn-primary btn-sm px-3 mt-2 d-block ticket-btn\" title=\"To ticket selection\">More<\/a><\/div><\/card><\/div><div class=\"col-12 col-md-6 col-xl-4 card-group\"><card class=\"card mb-4\"><a aria-label=\"AGATHE-Sprechstunde in Niedersachswerfen am 15. September 2026\" href=\"\/en\/event\/?id=29362\" class=\"card-img-top ratio-4-3\" style=\"background-image:url( https:\/\/nu.ticketmachine.de\/ajax\/event\/29362\/image?width=712&height=534&gravity=cover%3Acentre )\" title=\"AGATHE-Sprechstunde in Niedersachswerfen\"><div class=\"event-badges\"><div class=\"badge bg-danger float-right mt-1 me-2\">Ilfeld<\/div><\/div><\/a><div class=\"card-body position-relative\"><div class=\"card-date\" title=\"15. September 2026\"><div>15. September 2026<\/div><\/div><div class=\"card-title h5\" title=\"AGATHE-Sprechstunde in Niedersachswerfen\">AGATHE-Sprechstunde in Niedersachswerfen<\/div><div class=\"card-price\"><\/div><div class=\"card-text mt-0 pt-sm-1 ellipsis opacity-75\"><i class=\"fas fa-map-marker-alt tm-icon\"><\/i> &nbsp; <a aria-label=\"Event Location: Gemeindeamt\" href=\"https:\/\/www.google.de\/maps?q=Gemeindeamt+Kirchplatz+2+99768+Niedersachswerfen+Deutschland\" target=\"_blank\" title=\"Event Location: Gemeindeamt\" rel=\"noopener\">Gemeindeamt<\/a><\/div><a aria-label=\"To ticket selection for AGATHE-Sprechstunde in Niedersachswerfen\" href=\"\/en\/event\/?id=29362\" class=\"btn btn-primary btn-sm px-3 mt-2 d-block ticket-btn\" title=\"To ticket selection\">More<\/a><\/div><\/card><\/div><div class=\"col-12 col-md-6 col-xl-4 card-group\"><card class=\"card mb-4\"><a aria-label=\"AGATHE-Kaffeenachmittag im Sonnenhof am 15. September 2026\" href=\"\/en\/event\/?id=29357\" class=\"card-img-top ratio-4-3\" style=\"background-image:url( https:\/\/nu.ticketmachine.de\/ajax\/event\/29357\/image?width=712&height=534&gravity=cover%3Acentre )\" title=\"AGATHE-Kaffeenachmittag im Sonnenhof\"><div class=\"event-badges\"><div class=\"badge bg-danger float-right mt-1 me-2\">Ilfeld<\/div><\/div><\/a><div class=\"card-body position-relative\"><div class=\"card-date\" title=\"15. September 2026\"><div>15. September 2026<\/div><\/div><div class=\"card-title h5\" title=\"AGATHE-Kaffeenachmittag im Sonnenhof\">AGATHE-Kaffeenachmittag im Sonnenhof<\/div><div class=\"card-price\"><\/div><div class=\"card-text mt-0 pt-sm-1 ellipsis opacity-75\"><i class=\"fas fa-map-marker-alt tm-icon\"><\/i> &nbsp; <a aria-label=\"Event Location: Seniorenpflegeheim Sonnenhof\" href=\"https:\/\/www.google.de\/maps?q=Seniorenpflegeheim+Sonnenhof+Obertor+7a+99768+Harztor+OT+Ilfeld+Deutschland\" target=\"_blank\" title=\"Event Location: Seniorenpflegeheim Sonnenhof\" rel=\"noopener\">Seniorenpflegeheim Sonnenhof<\/a><\/div><a aria-label=\"To ticket selection for AGATHE-Kaffeenachmittag im Sonnenhof\" href=\"\/en\/event\/?id=29357\" class=\"btn btn-primary btn-sm px-3 mt-2 d-block ticket-btn\" title=\"To ticket selection\">More<\/a><\/div><\/card><\/div><div class=\"col-12 col-md-6 col-xl-4 card-group\"><card class=\"card mb-4\"><a aria-label=\"Wassertreten am Kneipp-Tretbecken am 17. September 2026\" href=\"\/en\/event\/?id=28990\" class=\"card-img-top ratio-4-3\" style=\"background-image:url( https:\/\/nu.ticketmachine.de\/ajax\/event\/28990\/image?width=712&height=534&gravity=cover%3Acentre )\" title=\"Wassertreten am Kneipp-Tretbecken\"><div class=\"event-badges\"><div class=\"badge bg-danger float-right mt-1 me-2\">Neustadt<\/div><\/div><\/a><div class=\"card-body position-relative\"><div class=\"card-date\" title=\"17. September 2026\"><div>17. September 2026<\/div><\/div><div class=\"card-title h5\" title=\"Wassertreten am Kneipp-Tretbecken\">Wassertreten am Kneipp-Tretbecken<\/div><div class=\"card-price\"><\/div><div class=\"card-text mt-0 pt-sm-1 ellipsis opacity-75\"><i class=\"fas fa-map-marker-alt tm-icon\"><\/i> &nbsp; Kneipp-Anlage in der Burgstra\u00dfe<\/div><a aria-label=\"To ticket selection for Wassertreten am Kneipp-Tretbecken\" href=\"\/en\/event\/?id=28990\" class=\"btn btn-primary btn-sm px-3 mt-2 d-block ticket-btn\" title=\"To ticket selection\">More<\/a><\/div><\/card><\/div><div class=\"col-12 col-md-6 col-xl-4 card-group\"><card class=\"card mb-4\"><a aria-label=\"Harztor Kinderfest im Kurpark Ilfeld am 19. September 2026\" href=\"\/en\/event\/?id=29681\" class=\"card-img-top ratio-4-3\" style=\"background-image:url( https:\/\/nu.ticketmachine.de\/ajax\/event\/29681\/image?width=712&height=534&gravity=cover%3Acentre )\" title=\"Harztor Kinderfest im Kurpark Ilfeld\"><div class=\"event-badges\"><\/div><\/a><div class=\"card-body position-relative\"><div class=\"card-date\" title=\"19. September 2026\"><div>19. September 2026<\/div><\/div><div class=\"card-title h5\" title=\"Harztor Kinderfest im Kurpark Ilfeld\">Harztor Kinderfest im Kurpark Ilfeld<\/div><div class=\"card-price\"><\/div><div class=\"card-text mt-0 pt-sm-1 ellipsis opacity-75\"><i class=\"fas fa-map-marker-alt tm-icon\"><\/i> &nbsp; Kurpark Ilfeld<\/div><a aria-label=\"To ticket selection for Harztor Kinderfest im Kurpark Ilfeld\" href=\"\/en\/event\/?id=29681\" class=\"btn btn-primary btn-sm px-3 mt-2 d-block ticket-btn\" title=\"To ticket selection\">More<\/a><\/div><\/card><\/div><div class=\"col-12 col-md-6 col-xl-4 card-group\"><card class=\"card mb-4\"><a aria-label=\"Bergbautour zum Braunsteinhaus am 19. September 2026\" href=\"\/en\/event\/?id=29072\" class=\"card-img-top ratio-4-3\" style=\"background-image:url( https:\/\/nu.ticketmachine.de\/ajax\/event\/29072\/image?width=712&height=534&gravity=cover%3Acentre )\" title=\"Bergbautour zum Braunsteinhaus\"><div class=\"event-badges\"><div class=\"badge bg-danger float-right mt-1 me-2\">Neustadt<\/div><\/div><\/a><div class=\"card-body position-relative\"><div class=\"card-date\" title=\"19. September 2026\"><div>19. September 2026<\/div><\/div><div class=\"card-title h5\" title=\"Bergbautour zum Braunsteinhaus\">Bergbautour zum Braunsteinhaus<\/div><div class=\"card-price\"><\/div><div class=\"card-text mt-0 pt-sm-1 ellipsis opacity-75\"><i class=\"fas fa-map-marker-alt tm-icon\"><\/i> &nbsp; <a aria-label=\"Event Location: St. Georg-Marien Kirche Ilfeld\" href=\"https:\/\/www.google.de\/maps?q=St.+Georg-Marien+Kirche+Ilfeld+Neanderplatz+7+99768+Harztor+OT+Ilfeld+Deutschland\" target=\"_blank\" title=\"Event Location: St. Georg-Marien Kirche Ilfeld\" rel=\"noopener\">St. Georg-Marien Kirche Ilfeld<\/a><\/div><a aria-label=\"To ticket selection for Bergbautour zum Braunsteinhaus\" href=\"\/en\/event\/?id=29072\" class=\"btn btn-primary btn-sm px-3 mt-2 d-block ticket-btn\" title=\"To ticket selection\">More<\/a><\/div><\/card><\/div><div class=\"col-12 col-md-6 col-xl-4 card-group\"><card class=\"card mb-4\"><a aria-label=\"5. Sachswerfer Oktoberfest: neue Spiele, mehr Spannung am 19. September 2026\" href=\"\/en\/event\/?id=25884\" class=\"card-img-top ratio-4-3\" style=\"background-image:url( https:\/\/nu.ticketmachine.de\/ajax\/event\/25884\/image?width=712&height=534&gravity=cover%3Acentre )\" title=\"5. Sachswerfer Oktoberfest: neue Spiele, mehr Spannung\"><div class=\"event-badges\"><div class=\"badge bg-danger float-right mt-1 me-2\">Niedersachwerfen<\/div><\/div><\/a><div class=\"card-body position-relative\"><div class=\"card-date\" title=\"19. September 2026\"><div>19. September 2026<\/div><\/div><div class=\"card-title h5\" title=\"5. Sachswerfer Oktoberfest: neue Spiele, mehr Spannung\">5. Sachswerfer Oktoberfest: neue Spiele, mehr Spannung<\/div><div class=\"card-price\"><\/div><div class=\"card-text mt-0 pt-sm-1 ellipsis opacity-75\"><i class=\"fas fa-map-marker-alt tm-icon\"><\/i> &nbsp; <a aria-label=\"Event Location: Kirchhof Niedersachswerfen\" href=\"https:\/\/www.google.de\/maps?q=Kirchhof+Niedersachswerfen+Kirchplatz+2+99768+Harztor+OT+Niedersachswerfen+\" target=\"_blank\" title=\"Event Location: Kirchhof Niedersachswerfen\" rel=\"noopener\">Kirchhof Niedersachswerfen<\/a><\/div><a aria-label=\"To ticket selection for 5. Sachswerfer Oktoberfest: neue Spiele, mehr Spannung\" href=\"\/en\/event\/?id=25884\" class=\"btn btn-primary btn-sm px-3 mt-2 d-block ticket-btn\" title=\"To ticket selection\">More<\/a><\/div><\/card><\/div><div class=\"col-12 col-md-6 col-xl-4 card-group\"><card class=\"card mb-4\"><a aria-label=\"Nachtwanderung zur Feenlichtung bei der Ebersburg am 19. September 2026\" href=\"\/en\/event\/?id=28669\" class=\"card-img-top ratio-4-3\" style=\"background-image:url( https:\/\/nu.ticketmachine.de\/ajax\/event\/28669\/image?width=712&height=534&gravity=cover%3Acentre )\" title=\"Nachtwanderung zur Feenlichtung bei der Ebersburg\"><div class=\"event-badges\"><div class=\"badge bg-danger float-right mt-1 me-2\">Herrmannsacker<\/div><\/div><\/a><div class=\"card-body position-relative\"><div class=\"card-date\" title=\"19. September 2026\"><div>19. September 2026<\/div><\/div><div class=\"card-title h5\" title=\"Nachtwanderung zur Feenlichtung bei der Ebersburg\">Nachtwanderung zur Feenlichtung bei der Ebersburg<\/div><div class=\"card-price\"><\/div><div class=\"card-text mt-0 pt-sm-1 ellipsis opacity-75\"><i class=\"fas fa-map-marker-alt tm-icon\"><\/i> &nbsp; Ebersburg Herrmannsacker<\/div><a aria-label=\"To ticket selection for Nachtwanderung zur Feenlichtung bei der Ebersburg\" href=\"\/en\/event\/?id=28669\" class=\"btn btn-primary btn-sm px-3 mt-2 d-block ticket-btn\" title=\"To ticket selection\">More<\/a><\/div><\/card><\/div><div class=\"col-12 col-md-6 col-xl-4 card-group\"><card class=\"card mb-4\"><a aria-label=\"Harztor Kinderfest im Kurpark Ilfeld am 20. September 2026\" href=\"\/en\/event\/?id=29682\" class=\"card-img-top ratio-4-3\" style=\"background-image:url( https:\/\/nu.ticketmachine.de\/ajax\/event\/29682\/image?width=712&height=534&gravity=cover%3Acentre )\" title=\"Harztor Kinderfest im Kurpark Ilfeld\"><div class=\"event-badges\"><\/div><\/a><div class=\"card-body position-relative\"><div class=\"card-date\" title=\"20. September 2026\"><div>20. September 2026<\/div><\/div><div class=\"card-title h5\" title=\"Harztor Kinderfest im Kurpark Ilfeld\">Harztor Kinderfest im Kurpark Ilfeld<\/div><div class=\"card-price\"><\/div><div class=\"card-text mt-0 pt-sm-1 ellipsis opacity-75\"><i class=\"fas fa-map-marker-alt tm-icon\"><\/i> &nbsp; Kurpark Ilfeld<\/div><a aria-label=\"To ticket selection for Harztor Kinderfest im Kurpark Ilfeld\" href=\"\/en\/event\/?id=29682\" class=\"btn btn-primary btn-sm px-3 mt-2 d-block ticket-btn\" title=\"To ticket selection\">More<\/a><\/div><\/card><\/div><div class=\"col-12 col-md-6 col-xl-4 card-group\"><card class=\"card mb-4\"><a aria-label=\"Welt-Alzheimertag: Demenz-Vortrag im Sonnenhof Ilfeld am 21. September 2026\" href=\"\/en\/event\/?id=30030\" class=\"card-img-top ratio-4-3\" style=\"background-image:url( https:\/\/nu.ticketmachine.de\/ajax\/event\/30030\/image?width=712&height=534&gravity=cover%3Acentre )\" title=\"Welt-Alzheimertag: Demenz-Vortrag im Sonnenhof Ilfeld\"><div class=\"event-badges\"><div class=\"badge bg-danger float-right mt-1 me-2\">Ilfeld<\/div><\/div><\/a><div class=\"card-body position-relative\"><div class=\"card-date\" title=\"21. September 2026\"><div>21. September 2026<\/div><\/div><div class=\"card-title h5\" title=\"Welt-Alzheimertag: Demenz-Vortrag im Sonnenhof Ilfeld\">Welt-Alzheimertag: Demenz-Vortrag im Sonnenhof Ilfeld<\/div><div class=\"card-price\"><\/div><div class=\"card-text mt-0 pt-sm-1 ellipsis opacity-75\"><i class=\"fas fa-map-marker-alt tm-icon\"><\/i> &nbsp; <a aria-label=\"Event Location: Seniorenpflegeheim Sonnenhof\" href=\"https:\/\/www.google.de\/maps?q=Seniorenpflegeheim+Sonnenhof+Obertor+7a+99768+Harztor+OT+Ilfeld+Deutschland\" target=\"_blank\" title=\"Event Location: Seniorenpflegeheim Sonnenhof\" rel=\"noopener\">Seniorenpflegeheim Sonnenhof<\/a><\/div><a aria-label=\"To ticket selection for Welt-Alzheimertag: Demenz-Vortrag im Sonnenhof Ilfeld\" href=\"\/en\/event\/?id=30030\" class=\"btn btn-primary btn-sm px-3 mt-2 d-block ticket-btn\" title=\"To ticket selection\">More<\/a><\/div><\/card><\/div><div class=\"col-12 col-md-6 col-xl-4 card-group\"><card class=\"card mb-4\"><a aria-label=\"Krabbeltreff in der Ilfelder Rappelkiste am 23. September 2026\" href=\"\/en\/event\/?id=29521\" class=\"card-img-top ratio-4-3\" style=\"background-image:url( https:\/\/nu.ticketmachine.de\/ajax\/event\/29521\/image?width=712&height=534&gravity=cover%3Acentre )\" title=\"Krabbeltreff in der Ilfelder Rappelkiste\"><div class=\"event-badges\"><\/div><\/a><div class=\"card-body position-relative\"><div class=\"card-date\" title=\"23. September 2026\"><div>23. September 2026<\/div><\/div><div class=\"card-title h5\" title=\"Krabbeltreff in der Ilfelder Rappelkiste\">Krabbeltreff in der Ilfelder Rappelkiste<\/div><div class=\"card-price\"><\/div><div class=\"card-text mt-0 pt-sm-1 ellipsis opacity-75\"><i class=\"fas fa-map-marker-alt tm-icon\"><\/i> &nbsp; <a aria-label=\"Event Location: Kindertagesst\u00e4tte Rappelkiste\" href=\"https:\/\/www.google.de\/maps?q=Kindertagesst%C3%A4tte+Rappelkiste+Kleine+Gasse+10+99768+Harztor+OT+Ilfeld+\" target=\"_blank\" title=\"Event Location: Kindertagesst\u00e4tte Rappelkiste\" rel=\"noopener\">Kindertagesst\u00e4tte Rappelkiste<\/a><\/div><a aria-label=\"To ticket selection for Krabbeltreff in der Ilfelder Rappelkiste\" href=\"\/en\/event\/?id=29521\" class=\"btn btn-primary btn-sm px-3 mt-2 d-block ticket-btn\" title=\"To ticket selection\">More<\/a><\/div><\/card><\/div><div class=\"col-12 col-md-6 col-xl-4 card-group\"><card class=\"card mb-4\"><a aria-label=\"Apfelfest im Hospiz Haus Geborgenheit in Neustadt am 23. September 2026\" href=\"\/en\/event\/?id=29897\" class=\"card-img-top ratio-4-3\" style=\"background-image:url( https:\/\/nu.ticketmachine.de\/ajax\/event\/29897\/image?width=712&height=534&gravity=cover%3Acentre )\" title=\"Apfelfest im Hospiz Haus Geborgenheit in Neustadt\"><div class=\"event-badges\"><\/div><\/a><div class=\"card-body position-relative\"><div class=\"card-date\" title=\"23. September 2026\"><div>23. September 2026<\/div><\/div><div class=\"card-title h5\" title=\"Apfelfest im Hospiz Haus Geborgenheit in Neustadt\">Apfelfest im Hospiz Haus Geborgenheit in Neustadt<\/div><div class=\"card-price\"><\/div><div class=\"card-text mt-0 pt-sm-1 ellipsis opacity-75\"><i class=\"fas fa-map-marker-alt tm-icon\"><\/i> &nbsp; <a aria-label=\"Event Location: Hospiz Haus Geborgenheit\" href=\"https:\/\/www.google.de\/maps?q=Hospiz+Haus+Geborgenheit+Badestra%C3%9Fe+23a+99768+Harztor+OT+Neustadt+Deutschland\" target=\"_blank\" title=\"Event Location: Hospiz Haus Geborgenheit\" rel=\"noopener\">Hospiz Haus Geborgenheit<\/a><\/div><a aria-label=\"To ticket selection for Apfelfest im Hospiz Haus Geborgenheit in Neustadt\" href=\"\/en\/event\/?id=29897\" class=\"btn btn-primary btn-sm px-3 mt-2 d-block ticket-btn\" title=\"To ticket selection\">More<\/a><\/div><\/card><\/div><div class=\"col-12 col-md-6 col-xl-4 card-group\"><card class=\"card mb-4\"><a aria-label=\"S\u00fcdharz-Rallye der Pferdefreunde Harztor in Harzungen am 26. September 2026\" href=\"\/en\/event\/?id=30146\" class=\"card-img-top ratio-4-3\" style=\"background-image:url( https:\/\/nu.ticketmachine.de\/ajax\/event\/30146\/image?width=712&height=534&gravity=cover%3Acentre )\" title=\"S\u00fcdharz-Rallye der Pferdefreunde Harztor in Harzungen\"><div class=\"event-badges\"><\/div><\/a><div class=\"card-body position-relative\"><div class=\"card-date\" title=\"26. September 2026\"><div>26. September 2026<\/div><\/div><div class=\"card-title h5\" title=\"S\u00fcdharz-Rallye der Pferdefreunde Harztor in Harzungen\">S\u00fcdharz-Rallye der Pferdefreunde Harztor in Harzungen<\/div><div class=\"card-price\"><\/div><div class=\"card-text mt-0 pt-sm-1 ellipsis opacity-75\"><i class=\"fas fa-map-marker-alt tm-icon\"><\/i> &nbsp; An der Karrenbr\u00fccke<\/div><a aria-label=\"To ticket selection for S\u00fcdharz-Rallye der Pferdefreunde Harztor in Harzungen\" href=\"\/en\/event\/?id=30146\" class=\"btn btn-primary btn-sm px-3 mt-2 d-block ticket-btn\" title=\"To ticket selection\">More<\/a><\/div><\/card><\/div><div class=\"col-12 col-md-6 col-xl-4 card-group\"><card class=\"card mb-4\"><a aria-label=\"3. Garagen-Flohmarkt Neustadt\/Osterode am 26. September 2026\" href=\"\/en\/event\/?id=28997\" class=\"card-img-top ratio-4-3\" style=\"background-image:url( https:\/\/nu.ticketmachine.de\/ajax\/event\/28997\/image?width=712&height=534&gravity=cover%3Acentre )\" title=\"3. Garagen-Flohmarkt Neustadt\/Osterode\"><div class=\"event-badges\"><div class=\"badge bg-danger float-right mt-1 me-2\">Neustadt<\/div><\/div><\/a><div class=\"card-body position-relative\"><div class=\"card-date\" title=\"26. September 2026\"><div>26. September 2026<\/div><\/div><div class=\"card-title h5\" title=\"3. Garagen-Flohmarkt Neustadt\/Osterode\">3. Garagen-Flohmarkt Neustadt\/Osterode<\/div><div class=\"card-price\"><\/div><div class=\"card-text mt-0 pt-sm-1 ellipsis opacity-75\"><i class=\"fas fa-map-marker-alt tm-icon\"><\/i> &nbsp; Teilnehmende H\u00f6fe in Neustadt und Osterode<\/div><a aria-label=\"To ticket selection for 3. Garagen-Flohmarkt Neustadt\/Osterode\" href=\"\/en\/event\/?id=28997\" class=\"btn btn-primary btn-sm px-3 mt-2 d-block ticket-btn\" title=\"To ticket selection\">More<\/a><\/div><\/card><\/div><div class=\"col-12 col-md-6 col-xl-4 card-group\"><card class=\"card mb-4\"><a aria-label=\"48. Kinderkleidungsbasar in Neustadt am 26. September 2026\" href=\"\/en\/event\/?id=29803\" class=\"card-img-top ratio-4-3\" style=\"background-image:url( https:\/\/nu.ticketmachine.de\/ajax\/event\/29803\/image?width=712&height=534&gravity=cover%3Acentre )\" title=\"48. Kinderkleidungsbasar in Neustadt\"><div class=\"event-badges\"><\/div><\/a><div class=\"card-body position-relative\"><div class=\"card-date\" title=\"26. September 2026\"><div>26. September 2026<\/div><\/div><div class=\"card-title h5\" title=\"48. Kinderkleidungsbasar in Neustadt\">48. Kinderkleidungsbasar in Neustadt<\/div><div class=\"card-price\"><\/div><div class=\"card-text mt-0 pt-sm-1 ellipsis opacity-75\"><i class=\"fas fa-map-marker-alt tm-icon\"><\/i> &nbsp; <a aria-label=\"Event Location: Dorfgemeinschaftshaus &quot;Saal Hohnstein&quot;\" href=\"https:\/\/www.google.de\/maps?q=Dorfgemeinschaftshaus+%22Saal+Hohnstein%22+Burgstra%C3%9Fe+41+99768+Harztor+OT+Neustadt+Deutschland\" target=\"_blank\" title=\"Event Location: Dorfgemeinschaftshaus &quot;Saal Hohnstein&quot;\" rel=\"noopener\">Dorfgemeinschaftshaus &quot;Saal Hohnstein&quot;<\/a><\/div><a aria-label=\"To ticket selection for 48. Kinderkleidungsbasar in Neustadt\" href=\"\/en\/event\/?id=29803\" class=\"btn btn-primary btn-sm px-3 mt-2 d-block ticket-btn\" title=\"To ticket selection\">More<\/a><\/div><\/card><\/div><div class=\"col-12 col-md-6 col-xl-4 card-group\"><card class=\"card mb-4\"><a aria-label=\"Familienfest mit Kronkorken-Aktion in Ilfeld am 26. September 2026\" href=\"\/en\/event\/?id=29441\" class=\"card-img-top ratio-4-3\" style=\"background-image:url( https:\/\/nu.ticketmachine.de\/ajax\/event\/29441\/image?width=712&height=534&gravity=cover%3Acentre )\" title=\"Familienfest mit Kronkorken-Aktion in Ilfeld\"><div class=\"event-badges\"><\/div><\/a><div class=\"card-body position-relative\"><div class=\"card-date\" title=\"26. September 2026\"><div>26. September 2026<\/div><\/div><div class=\"card-title h5\" title=\"Familienfest mit Kronkorken-Aktion in Ilfeld\">Familienfest mit Kronkorken-Aktion in Ilfeld<\/div><div class=\"card-price\"><\/div><div class=\"card-text mt-0 pt-sm-1 ellipsis opacity-75\"><i class=\"fas fa-map-marker-alt tm-icon\"><\/i> &nbsp; <a aria-label=\"Event Location: Sch\u00fctzenhaus Ilfeld\" href=\"https:\/\/www.google.de\/maps?q=Sch%C3%BCtzenhaus+Ilfeld+Weidentalswiese+2+99768+Harztor+OT+Ilfeld+\" target=\"_blank\" title=\"Event Location: Sch\u00fctzenhaus Ilfeld\" rel=\"noopener\">Sch\u00fctzenhaus Ilfeld<\/a><\/div><a aria-label=\"To ticket selection for Familienfest mit Kronkorken-Aktion in Ilfeld\" href=\"\/en\/event\/?id=29441\" class=\"btn btn-primary btn-sm px-3 mt-2 d-block ticket-btn\" title=\"To ticket selection\">More<\/a><\/div><\/card><\/div><div class='col-12 my-2'>\r\n                                                <div class='d-flex'>\r\n                                                    <hr class='my-auto flex-grow-1'>\r\n                                                    <div class='px-4 mt-0 h4'>October 2026<\/div>\r\n                                                    <hr class='my-auto flex-grow-1'>\r\n                                                <\/div>\r\n                                            <\/div><div class=\"col-12 col-md-6 col-xl-4 card-group\"><card class=\"card mb-4\"><a aria-label=\"AGATHE-Sprechstunde in Ilfeld am 01. October 2026\" href=\"\/en\/event\/?id=29352\" class=\"card-img-top ratio-4-3\" style=\"background-image:url( https:\/\/nu.ticketmachine.de\/ajax\/event\/29352\/image?width=712&height=534&gravity=cover%3Acentre )\" title=\"AGATHE-Sprechstunde in Ilfeld\"><div class=\"event-badges\"><div class=\"badge bg-danger float-right mt-1 me-2\">Ilfeld<\/div><\/div><\/a><div class=\"card-body position-relative\"><div class=\"card-date\" title=\"01. October 2026\"><div>01. October 2026<\/div><\/div><div class=\"card-title h5\" title=\"AGATHE-Sprechstunde in Ilfeld\">AGATHE-Sprechstunde in Ilfeld<\/div><div class=\"card-price\"><\/div><div class=\"card-text mt-0 pt-sm-1 ellipsis opacity-75\"><i class=\"fas fa-map-marker-alt tm-icon\"><\/i> &nbsp; <a aria-label=\"Event Location: Pfarramt Ilfeld\" href=\"https:\/\/www.google.de\/maps?q=Pfarramt+Ilfeld+Neanderplatz++1+99768+Ilfeld+Deutschland\" target=\"_blank\" title=\"Event Location: Pfarramt Ilfeld\" rel=\"noopener\">Pfarramt Ilfeld<\/a><\/div><a aria-label=\"To ticket selection for AGATHE-Sprechstunde in Ilfeld\" href=\"\/en\/event\/?id=29352\" class=\"btn btn-primary btn-sm px-3 mt-2 d-block ticket-btn\" title=\"To ticket selection\">More<\/a><\/div><\/card><\/div><div class=\"col-12 col-md-6 col-xl-4 card-group\"><card class=\"card mb-4\"><a aria-label=\"Kleiderbasar f\u00fcr Herbst und Winter in der Turnhalle Ilfeld am 01. October 2026\" href=\"\/en\/event\/?id=29899\" class=\"card-img-top ratio-4-3\" style=\"background-image:url( https:\/\/nu.ticketmachine.de\/ajax\/event\/29899\/image?width=712&height=534&gravity=cover%3Acentre )\" title=\"Kleiderbasar f\u00fcr Herbst und Winter in der Turnhalle Ilfeld\"><div class=\"event-badges\"><\/div><\/a><div class=\"card-body position-relative\"><div class=\"card-date\" title=\"01. October 2026\"><div>01. October 2026<\/div><\/div><div class=\"card-title h5\" title=\"Kleiderbasar f\u00fcr Herbst und Winter in der Turnhalle Ilfeld\">Kleiderbasar f\u00fcr Herbst und Winter in der Turnhalle Ilfeld<\/div><div class=\"card-price\"><\/div><div class=\"card-text mt-0 pt-sm-1 ellipsis opacity-75\"><i class=\"fas fa-map-marker-alt tm-icon\"><\/i> &nbsp; <a aria-label=\"Event Location: Turnhalle Ilfeld\" href=\"https:\/\/www.google.de\/maps?q=Turnhalle+Ilfeld+Schr%C3%B6derstra%C3%9Fe+35+99768+Harztor+OT+Ilfeld+Deutschland\" target=\"_blank\" title=\"Event Location: Turnhalle Ilfeld\" rel=\"noopener\">Turnhalle Ilfeld<\/a><\/div><a aria-label=\"To ticket selection for Kleiderbasar f\u00fcr Herbst und Winter in der Turnhalle Ilfeld\" href=\"\/en\/event\/?id=29899\" class=\"btn btn-primary btn-sm px-3 mt-2 d-block ticket-btn\" title=\"To ticket selection\">More<\/a><\/div><\/card><\/div><div class=\"col-12 col-md-6 col-xl-4 card-group\"><card class=\"card mb-4\"><a aria-label=\"Kleiderbasar f\u00fcr Herbst und Winter in der Turnhalle Ilfeld am 02. October 2026\" href=\"\/en\/event\/?id=29900\" class=\"card-img-top ratio-4-3\" style=\"background-image:url( https:\/\/nu.ticketmachine.de\/ajax\/event\/29900\/image?width=712&height=534&gravity=cover%3Acentre )\" title=\"Kleiderbasar f\u00fcr Herbst und Winter in der Turnhalle Ilfeld\"><div class=\"event-badges\"><\/div><\/a><div class=\"card-body position-relative\"><div class=\"card-date\" title=\"02. October 2026\"><div>02. October 2026<\/div><\/div><div class=\"card-title h5\" title=\"Kleiderbasar f\u00fcr Herbst und Winter in der Turnhalle Ilfeld\">Kleiderbasar f\u00fcr Herbst und Winter in der Turnhalle Ilfeld<\/div><div class=\"card-price\"><\/div><div class=\"card-text mt-0 pt-sm-1 ellipsis opacity-75\"><i class=\"fas fa-map-marker-alt tm-icon\"><\/i> &nbsp; <a aria-label=\"Event Location: Turnhalle Ilfeld\" href=\"https:\/\/www.google.de\/maps?q=Turnhalle+Ilfeld+Schr%C3%B6derstra%C3%9Fe+35+99768+Harztor+OT+Ilfeld+Deutschland\" target=\"_blank\" title=\"Event Location: Turnhalle Ilfeld\" rel=\"noopener\">Turnhalle Ilfeld<\/a><\/div><a aria-label=\"To ticket selection for Kleiderbasar f\u00fcr Herbst und Winter in der Turnhalle Ilfeld\" href=\"\/en\/event\/?id=29900\" class=\"btn btn-primary btn-sm px-3 mt-2 d-block ticket-btn\" title=\"To ticket selection\">More<\/a><\/div><\/card><\/div><div class=\"col-12\"><div class=\"float-right btn-group\"><a class='btn btn-secondary disabled'><i class='fas fa-angle-left'><\/i><\/a><button class='btn btn-primary' readonly>1<\/button><a class='btn btn-secondary' href='\/en\/wp-json\/wp\/v2\/pages\/1214?pg=2'>2<\/a><a class='btn btn-secondary' href='\/en\/wp-json\/wp\/v2\/pages\/1214?pg=3'>3<\/a><a class='btn btn-secondary' href='\/en\/wp-json\/wp\/v2\/pages\/1214?pg=2'><i class='fas fa-angle-right'><\/i><\/a><\/div><\/div><\/div><\/div><\/div>\n\t\t\t\t\t\t<\/div>\n\t\t\t\t<\/div>\n\t\t\t\t\t<\/div>\n\t\t\t\t<\/div>\n\t\t\t\t<\/div>","protected":false},"excerpt":{"rendered":"<p>Was ist los in der Gemeinde Harztor und ihren Ortschaften? Wir sind bem\u00fcht, m\u00f6glichst alle Veranstaltungen im Bereich der Gemeinde in diesem Veranstaltungskalender aufzulisten. Sollte dein Event hier noch fehlen, sende uns gern eine E-Mail oder hinterlass uns eine Nachricht \u00fcber das Kontaktformular am Ende der Seite. Wenn die Gemeinde Harztor nicht Veranstalter ist, \u00fcbernehmen [&hellip;]<\/p>\n","protected":false},"author":1,"featured_media":0,"parent":0,"menu_order":0,"comment_status":"closed","ping_status":"closed","template":"","meta":{"_acf_changed":false,"footnotes":""},"class_list":["post-1214","page","type-page","status-publish","hentry"],"acf":[],"_links":{"self":[{"href":"https:\/\/harztor-erlebenswert.de\/en\/wp-json\/wp\/v2\/pages\/1214","targetHints":{"allow":["GET"]}}],"collection":[{"href":"https:\/\/harztor-erlebenswert.de\/en\/wp-json\/wp\/v2\/pages"}],"about":[{"href":"https:\/\/harztor-erlebenswert.de\/en\/wp-json\/wp\/v2\/types\/page"}],"author":[{"embeddable":true,"href":"https:\/\/harztor-erlebenswert.de\/en\/wp-json\/wp\/v2\/users\/1"}],"replies":[{"embeddable":true,"href":"https:\/\/harztor-erlebenswert.de\/en\/wp-json\/wp\/v2\/comments?post=1214"}],"version-history":[{"count":17,"href":"https:\/\/harztor-erlebenswert.de\/en\/wp-json\/wp\/v2\/pages\/1214\/revisions"}],"predecessor-version":[{"id":7435,"href":"https:\/\/harztor-erlebenswert.de\/en\/wp-json\/wp\/v2\/pages\/1214\/revisions\/7435"}],"wp:attachment":[{"href":"https:\/\/harztor-erlebenswert.de\/en\/wp-json\/wp\/v2\/media?parent=1214"}],"curies":[{"name":"wp","href":"https:\/\/api.w.org\/{rel}","templated":true}]}}